{"version":"1.0","provider_name":"","provider_url":"https:\/\/www.anovapeneira.gal","author_name":"Redacci\u00f3n A Nova Peneira","author_url":"https:\/\/www.anovapeneira.gal\/index.php\/author\/redactor\/","title":"Xabier P\u00e9rez Igrexas Concelleiro do BNG de Vigo -","type":"rich","width":600,"height":338,"html":"<blockquote class=\"wp-embedded-content\" data-secret=\"uGIxQSBGcP\"><a href=\"https:\/\/www.anovapeneira.gal\/index.php\/2021\/01\/07\/xabier-perez-igrexas-concelleiro-do-bng-de-vigo\/\">Xabier P\u00e9rez Igrexas Concelleiro do BNG de Vigo<\/a><\/blockquote><iframe sandbox=\"allow-scripts\" security=\"restricted\" src=\"https:\/\/www.anovapeneira.gal\/index.php\/2021\/01\/07\/xabier-perez-igrexas-concelleiro-do-bng-de-vigo\/embed\/#?secret=uGIxQSBGcP\" width=\"600\" height=\"338\" title=\"&#8220;Xabier P\u00e9rez Igrexas Concelleiro do BNG de Vigo&#8221; &#8212; \" data-secret=\"uGIxQSBGcP\" frameborder=\"0\" marginwidth=\"0\" marginheight=\"0\" scrolling=\"no\" class=\"wp-embedded-content\"><\/iframe><script type=\"text\/javascript\">\n\/* <![CDATA[ *\/\n\/*! This file is auto-generated *\/\n!function(d,l){\"use strict\";l.querySelector&&d.addEventListener&&\"undefined\"!=typeof URL&&(d.wp=d.wp||{},d.wp.receiveEmbedMessage||(d.wp.receiveEmbedMessage=function(e){var t=e.data;if((t||t.secret||t.message||t.value)&&!\/[^a-zA-Z0-9]\/.test(t.secret)){for(var s,r,n,a=l.querySelectorAll('iframe[data-secret=\"'+t.secret+'\"]'),o=l.querySelectorAll('blockquote[data-secret=\"'+t.secret+'\"]'),c=new RegExp(\"^https?:$\",\"i\"),i=0;i<o.length;i++)o[i].style.display=\"none\";for(i=0;i<a.length;i++)s=a[i],e.source===s.contentWindow&&(s.removeAttribute(\"style\"),\"height\"===t.message?(1e3<(r=parseInt(t.value,10))?r=1e3:~~r<200&&(r=200),s.height=r):\"link\"===t.message&&(r=new URL(s.getAttribute(\"src\")),n=new URL(t.value),c.test(n.protocol))&&n.host===r.host&&l.activeElement===s&&(d.top.location.href=t.value))}},d.addEventListener(\"message\",d.wp.receiveEmbedMessage,!1),l.addEventListener(\"DOMContentLoaded\",function(){for(var e,t,s=l.querySelectorAll(\"iframe.wp-embedded-content\"),r=0;r<s.length;r++)(t=(e=s[r]).getAttribute(\"data-secret\"))||(t=Math.random().toString(36).substring(2,12),e.src+=\"#?secret=\"+t,e.setAttribute(\"data-secret\",t)),e.contentWindow.postMessage({message:\"ready\",secret:t},\"*\")},!1)))}(window,document);\n\/\/# sourceURL=https:\/\/www.anovapeneira.gal\/wp-includes\/js\/wp-embed.min.js\n\/* ]]> *\/\n<\/script>\n","thumbnail_url":"https:\/\/www.anovapeneira.gal\/wp-content\/uploads\/2021\/01\/xabier_perez_iglesias_bng_vigo.jpg","thumbnail_width":720,"thumbnail_height":432,"description":"O BNG recuperou, nas \u00faltimas elecci\u00f3ns municipais, a representaci\u00f3n institucional no concello de Vigo na persoa de Xabier P\u00e9rez Igrexas. E , consumido case un terzo do mandato, acheg\u00e1monos a conversar con el para co\u00f1ecer a valoraci\u00f3n dos nacionalistas sobre a situaci\u00f3n pol\u00edtica na nosa cidade. Vela\u00ed vai o que deu de si a nosa conversa"}