{"version":"1.0","provider_name":"","provider_url":"https:\/\/www.anovapeneira.gal","author_name":"Tino Lago","author_url":"https:\/\/www.anovapeneira.gal\/index.php\/author\/director\/","title":"Carmela Gonz\u00e1lez, deputada do BNG -","type":"rich","width":600,"height":338,"html":"<blockquote class=\"wp-embedded-content\" data-secret=\"aZA3DFPO4w\"><a href=\"https:\/\/www.anovapeneira.gal\/index.php\/2021\/12\/17\/carmela-gonzalez-deputada-do-bng\/\">Carmela Gonz\u00e1lez, deputada do BNG<\/a><\/blockquote><iframe sandbox=\"allow-scripts\" security=\"restricted\" src=\"https:\/\/www.anovapeneira.gal\/index.php\/2021\/12\/17\/carmela-gonzalez-deputada-do-bng\/embed\/#?secret=aZA3DFPO4w\" width=\"600\" height=\"338\" title=\"&#8220;Carmela Gonz\u00e1lez, deputada do BNG&#8221; &#8212; \" data-secret=\"aZA3DFPO4w\" frameborder=\"0\" marginwidth=\"0\" marginheight=\"0\" scrolling=\"no\" class=\"wp-embedded-content\"><\/iframe><script type=\"text\/javascript\">\n\/* <![CDATA[ *\/\n\/*! This file is auto-generated *\/\n!function(d,l){\"use strict\";l.querySelector&&d.addEventListener&&\"undefined\"!=typeof URL&&(d.wp=d.wp||{},d.wp.receiveEmbedMessage||(d.wp.receiveEmbedMessage=function(e){var t=e.data;if((t||t.secret||t.message||t.value)&&!\/[^a-zA-Z0-9]\/.test(t.secret)){for(var s,r,n,a=l.querySelectorAll('iframe[data-secret=\"'+t.secret+'\"]'),o=l.querySelectorAll('blockquote[data-secret=\"'+t.secret+'\"]'),c=new RegExp(\"^https?:$\",\"i\"),i=0;i<o.length;i++)o[i].style.display=\"none\";for(i=0;i<a.length;i++)s=a[i],e.source===s.contentWindow&&(s.removeAttribute(\"style\"),\"height\"===t.message?(1e3<(r=parseInt(t.value,10))?r=1e3:~~r<200&&(r=200),s.height=r):\"link\"===t.message&&(r=new URL(s.getAttribute(\"src\")),n=new URL(t.value),c.test(n.protocol))&&n.host===r.host&&l.activeElement===s&&(d.top.location.href=t.value))}},d.addEventListener(\"message\",d.wp.receiveEmbedMessage,!1),l.addEventListener(\"DOMContentLoaded\",function(){for(var e,t,s=l.querySelectorAll(\"iframe.wp-embedded-content\"),r=0;r<s.length;r++)(t=(e=s[r]).getAttribute(\"data-secret\"))||(t=Math.random().toString(36).substring(2,12),e.src+=\"#?secret=\"+t,e.setAttribute(\"data-secret\",t)),e.contentWindow.postMessage({message:\"ready\",secret:t},\"*\")},!1)))}(window,document);\n\/\/# sourceURL=https:\/\/www.anovapeneira.gal\/wp-includes\/js\/wp-embed.min.js\n\/* ]]> *\/\n<\/script>\n","thumbnail_url":"https:\/\/www.anovapeneira.gal\/wp-content\/uploads\/2021\/12\/carmela_gonzalez_vigo.jpg","thumbnail_width":720,"thumbnail_height":432,"description":"Carmela \u00e9 unha experimentada activista no asociacionismo veci\u00f1al vigu\u00e9s que ven de estrear responsabilidade org\u00e1nica, pois nas auton\u00f3micas do 2.020 foi elixida deputada nas listas do BNG. Ela \u00e9 de Sai\u00e1ns, a parroquia de Vigo que fai fronteira co Concello de Nigr\u00e1n. E sendo eu da parroquia veci\u00f1a, de Oia, non pod\u00eda quedar sen co\u00f1ecela en profundidade. Vela\u00ed vai o que deu de si a nosa conversa"}