{"version":"1.0","provider_name":"","provider_url":"https:\/\/www.anovapeneira.gal","author_name":"Oriana M\u00e9ndez","author_url":"https:\/\/www.anovapeneira.gal\/index.php\/author\/orianamendez\/","title":"Vigo, o latexo subterr\u00e1neo -","type":"rich","width":600,"height":338,"html":"<blockquote class=\"wp-embedded-content\" data-secret=\"FndivCGl4K\"><a href=\"https:\/\/www.anovapeneira.gal\/index.php\/2022\/01\/21\/vigo-o-latexo-subterraneo\/\">Vigo, o latexo subterr\u00e1neo<\/a><\/blockquote><iframe sandbox=\"allow-scripts\" security=\"restricted\" src=\"https:\/\/www.anovapeneira.gal\/index.php\/2022\/01\/21\/vigo-o-latexo-subterraneo\/embed\/#?secret=FndivCGl4K\" width=\"600\" height=\"338\" title=\"&#8220;Vigo, o latexo subterr\u00e1neo&#8221; &#8212; \" data-secret=\"FndivCGl4K\" frameborder=\"0\" marginwidth=\"0\" marginheight=\"0\" scrolling=\"no\" class=\"wp-embedded-content\"><\/iframe><script type=\"text\/javascript\">\n\/* <![CDATA[ *\/\n\/*! This file is auto-generated *\/\n!function(d,l){\"use strict\";l.querySelector&&d.addEventListener&&\"undefined\"!=typeof URL&&(d.wp=d.wp||{},d.wp.receiveEmbedMessage||(d.wp.receiveEmbedMessage=function(e){var t=e.data;if((t||t.secret||t.message||t.value)&&!\/[^a-zA-Z0-9]\/.test(t.secret)){for(var s,r,n,a=l.querySelectorAll('iframe[data-secret=\"'+t.secret+'\"]'),o=l.querySelectorAll('blockquote[data-secret=\"'+t.secret+'\"]'),c=new RegExp(\"^https?:$\",\"i\"),i=0;i<o.length;i++)o[i].style.display=\"none\";for(i=0;i<a.length;i++)s=a[i],e.source===s.contentWindow&&(s.removeAttribute(\"style\"),\"height\"===t.message?(1e3<(r=parseInt(t.value,10))?r=1e3:~~r<200&&(r=200),s.height=r):\"link\"===t.message&&(r=new URL(s.getAttribute(\"src\")),n=new URL(t.value),c.test(n.protocol))&&n.host===r.host&&l.activeElement===s&&(d.top.location.href=t.value))}},d.addEventListener(\"message\",d.wp.receiveEmbedMessage,!1),l.addEventListener(\"DOMContentLoaded\",function(){for(var e,t,s=l.querySelectorAll(\"iframe.wp-embedded-content\"),r=0;r<s.length;r++)(t=(e=s[r]).getAttribute(\"data-secret\"))||(t=Math.random().toString(36).substring(2,12),e.src+=\"#?secret=\"+t,e.setAttribute(\"data-secret\",t)),e.contentWindow.postMessage({message:\"ready\",secret:t},\"*\")},!1)))}(window,document);\n\/\/# sourceURL=https:\/\/www.anovapeneira.gal\/wp-includes\/js\/wp-embed.min.js\n\/* ]]> *\/\n<\/script>\n","thumbnail_url":"https:\/\/www.anovapeneira.gal\/wp-content\/uploads\/2022\/01\/Oriana_Mendez.jpg","thumbnail_width":720,"thumbnail_height":432,"description":"\u00c1lvaro Cunqueiro dixo aquilo de que Vigo foi fundada \u00e1 beira dun verso de Mart\u00edn C\u00f3dax. Unha cidade fundada por un poeta que, ademais, deixou as s\u00faas creaci\u00f3ns l\u00edricas vinculadas tam\u00e9n \u00e1 notaci\u00f3n musical que conservamos. Dende que Mart\u00edn C\u00f3dax deixase para a historia as s\u00faas composici\u00f3ns medievais, son innumerables os creadores e as creadoras que desenvolveron e desenvolven as s\u00faas produci\u00f3ns de xeito individual ou en colectivos e movementos art\u00edsticos, cun selo ou cunha sorte de marca de auga da r\u00eda"}