{"version":"1.0","provider_name":"","provider_url":"https:\/\/www.anovapeneira.gal","author_name":"Tino Lago","author_url":"https:\/\/www.anovapeneira.gal\/index.php\/author\/director\/","title":"A Nova Peneira pola liberdade do pobo saharau\u00ed -","type":"rich","width":600,"height":338,"html":"<blockquote class=\"wp-embedded-content\" data-secret=\"XLv5d27gED\"><a href=\"https:\/\/www.anovapeneira.gal\/index.php\/2022\/04\/07\/a-nova-peneira-pola-liberdade-do-pobo-saharaui\/\">A Nova Peneira pola liberdade do pobo saharau\u00ed<\/a><\/blockquote><iframe sandbox=\"allow-scripts\" security=\"restricted\" src=\"https:\/\/www.anovapeneira.gal\/index.php\/2022\/04\/07\/a-nova-peneira-pola-liberdade-do-pobo-saharaui\/embed\/#?secret=XLv5d27gED\" width=\"600\" height=\"338\" title=\"&#8220;A Nova Peneira pola liberdade do pobo saharau\u00ed&#8221; &#8212; \" data-secret=\"XLv5d27gED\" frameborder=\"0\" marginwidth=\"0\" marginheight=\"0\" scrolling=\"no\" class=\"wp-embedded-content\"><\/iframe><script type=\"text\/javascript\">\n\/* <![CDATA[ *\/\n\/*! This file is auto-generated *\/\n!function(d,l){\"use strict\";l.querySelector&&d.addEventListener&&\"undefined\"!=typeof URL&&(d.wp=d.wp||{},d.wp.receiveEmbedMessage||(d.wp.receiveEmbedMessage=function(e){var t=e.data;if((t||t.secret||t.message||t.value)&&!\/[^a-zA-Z0-9]\/.test(t.secret)){for(var s,r,n,a=l.querySelectorAll('iframe[data-secret=\"'+t.secret+'\"]'),o=l.querySelectorAll('blockquote[data-secret=\"'+t.secret+'\"]'),c=new RegExp(\"^https?:$\",\"i\"),i=0;i<o.length;i++)o[i].style.display=\"none\";for(i=0;i<a.length;i++)s=a[i],e.source===s.contentWindow&&(s.removeAttribute(\"style\"),\"height\"===t.message?(1e3<(r=parseInt(t.value,10))?r=1e3:~~r<200&&(r=200),s.height=r):\"link\"===t.message&&(r=new URL(s.getAttribute(\"src\")),n=new URL(t.value),c.test(n.protocol))&&n.host===r.host&&l.activeElement===s&&(d.top.location.href=t.value))}},d.addEventListener(\"message\",d.wp.receiveEmbedMessage,!1),l.addEventListener(\"DOMContentLoaded\",function(){for(var e,t,s=l.querySelectorAll(\"iframe.wp-embedded-content\"),r=0;r<s.length;r++)(t=(e=s[r]).getAttribute(\"data-secret\"))||(t=Math.random().toString(36).substring(2,12),e.src+=\"#?secret=\"+t,e.setAttribute(\"data-secret\",t)),e.contentWindow.postMessage({message:\"ready\",secret:t},\"*\")},!1)))}(window,document);\n\/\/# sourceURL=https:\/\/www.anovapeneira.gal\/wp-includes\/js\/wp-embed.min.js\n\/* ]]> *\/\n<\/script>\n","thumbnail_url":"https:\/\/www.anovapeneira.gal\/wp-content\/uploads\/2022\/04\/mapa_sahara.jpg","thumbnail_width":720,"thumbnail_height":432,"description":"O S\u00e1hara occidental \u00e9 un territorio que se encontra no borde occidental do deserto do S\u00e1hara e est\u00e9ndese ao longo de case 1.000 quil\u00f3metros de costa atl\u00e1ntica. Limita con Marrocos, con Alxeria e con Mauritania. Ten unha superficie de case 270.000 quil\u00f3metros cadrados, pero a maior parte do seu terreo \u00e9 deserto. O n\u00famero de habitantes que viven neste pa\u00eds ao que non lle permiten ser libre \u00e9 de arredor de 500.000 persoas"}