{"version":"1.0","provider_name":"","provider_url":"https:\/\/www.anovapeneira.gal","author_name":"Tino Lago","author_url":"https:\/\/www.anovapeneira.gal\/index.php\/author\/director\/","title":"O secuestro do centro da cidade de Vigo -","type":"rich","width":600,"height":338,"html":"<blockquote class=\"wp-embedded-content\" data-secret=\"JGU9K7IkSn\"><a href=\"https:\/\/www.anovapeneira.gal\/index.php\/2022\/12\/23\/o-secuestro-do-centro-da-cidade-de-vigo\/\">O secuestro do centro da cidade de Vigo<\/a><\/blockquote><iframe sandbox=\"allow-scripts\" security=\"restricted\" src=\"https:\/\/www.anovapeneira.gal\/index.php\/2022\/12\/23\/o-secuestro-do-centro-da-cidade-de-vigo\/embed\/#?secret=JGU9K7IkSn\" width=\"600\" height=\"338\" title=\"&#8220;O secuestro do centro da cidade de Vigo&#8221; &#8212; \" data-secret=\"JGU9K7IkSn\" frameborder=\"0\" marginwidth=\"0\" marginheight=\"0\" scrolling=\"no\" class=\"wp-embedded-content\"><\/iframe><script type=\"text\/javascript\">\n\/* <![CDATA[ *\/\n\/*! This file is auto-generated *\/\n!function(d,l){\"use strict\";l.querySelector&&d.addEventListener&&\"undefined\"!=typeof URL&&(d.wp=d.wp||{},d.wp.receiveEmbedMessage||(d.wp.receiveEmbedMessage=function(e){var t=e.data;if((t||t.secret||t.message||t.value)&&!\/[^a-zA-Z0-9]\/.test(t.secret)){for(var s,r,n,a=l.querySelectorAll('iframe[data-secret=\"'+t.secret+'\"]'),o=l.querySelectorAll('blockquote[data-secret=\"'+t.secret+'\"]'),c=new RegExp(\"^https?:$\",\"i\"),i=0;i<o.length;i++)o[i].style.display=\"none\";for(i=0;i<a.length;i++)s=a[i],e.source===s.contentWindow&&(s.removeAttribute(\"style\"),\"height\"===t.message?(1e3<(r=parseInt(t.value,10))?r=1e3:~~r<200&&(r=200),s.height=r):\"link\"===t.message&&(r=new URL(s.getAttribute(\"src\")),n=new URL(t.value),c.test(n.protocol))&&n.host===r.host&&l.activeElement===s&&(d.top.location.href=t.value))}},d.addEventListener(\"message\",d.wp.receiveEmbedMessage,!1),l.addEventListener(\"DOMContentLoaded\",function(){for(var e,t,s=l.querySelectorAll(\"iframe.wp-embedded-content\"),r=0;r<s.length;r++)(t=(e=s[r]).getAttribute(\"data-secret\"))||(t=Math.random().toString(36).substring(2,12),e.src+=\"#?secret=\"+t,e.setAttribute(\"data-secret\",t)),e.contentWindow.postMessage({message:\"ready\",secret:t},\"*\")},!1)))}(window,document);\n\/\/# sourceURL=https:\/\/www.anovapeneira.gal\/wp-includes\/js\/wp-embed.min.js\n\/* ]]> *\/\n<\/script>\n","thumbnail_url":"https:\/\/www.anovapeneira.gal\/wp-content\/uploads\/2022\/12\/nadalvigo.jpg","thumbnail_width":720,"thumbnail_height":432,"description":"Circular polo centro da nosa cidade \u00e9 misi\u00f3n imposible case sempre, pero nestas datas nas que unha especie de delirio megal\u00f3mano merg\u00fallanos nun oc\u00e9ano de vacuidade insubstancial, con moitas luces iso si, conv\u00e9rtese nunha actividade perigosa para a sa\u00fade f\u00edsica, e letal para conservar un m\u00ednimo de equilibrio emocional"}