{"version":"1.0","provider_name":"","provider_url":"https:\/\/www.anovapeneira.gal","author_name":"Tino Lago","author_url":"https:\/\/www.anovapeneira.gal\/index.php\/author\/director\/","title":"Gustavo Barcia voceiro do BNG de Mos -","type":"rich","width":600,"height":338,"html":"<blockquote class=\"wp-embedded-content\" data-secret=\"yzagJeThPK\"><a href=\"https:\/\/www.anovapeneira.gal\/index.php\/2024\/08\/07\/gustavo-barcia-voceiro-do-bng-de-mos-2\/\">Gustavo Barcia voceiro do BNG de Mos<\/a><\/blockquote><iframe sandbox=\"allow-scripts\" security=\"restricted\" src=\"https:\/\/www.anovapeneira.gal\/index.php\/2024\/08\/07\/gustavo-barcia-voceiro-do-bng-de-mos-2\/embed\/#?secret=yzagJeThPK\" width=\"600\" height=\"338\" title=\"&#8220;Gustavo Barcia voceiro do BNG de Mos&#8221; &#8212; \" data-secret=\"yzagJeThPK\" frameborder=\"0\" marginwidth=\"0\" marginheight=\"0\" scrolling=\"no\" class=\"wp-embedded-content\"><\/iframe><script type=\"text\/javascript\">\n\/* <![CDATA[ *\/\n\/*! This file is auto-generated *\/\n!function(d,l){\"use strict\";l.querySelector&&d.addEventListener&&\"undefined\"!=typeof URL&&(d.wp=d.wp||{},d.wp.receiveEmbedMessage||(d.wp.receiveEmbedMessage=function(e){var t=e.data;if((t||t.secret||t.message||t.value)&&!\/[^a-zA-Z0-9]\/.test(t.secret)){for(var s,r,n,a=l.querySelectorAll('iframe[data-secret=\"'+t.secret+'\"]'),o=l.querySelectorAll('blockquote[data-secret=\"'+t.secret+'\"]'),c=new RegExp(\"^https?:$\",\"i\"),i=0;i<o.length;i++)o[i].style.display=\"none\";for(i=0;i<a.length;i++)s=a[i],e.source===s.contentWindow&&(s.removeAttribute(\"style\"),\"height\"===t.message?(1e3<(r=parseInt(t.value,10))?r=1e3:~~r<200&&(r=200),s.height=r):\"link\"===t.message&&(r=new URL(s.getAttribute(\"src\")),n=new URL(t.value),c.test(n.protocol))&&n.host===r.host&&l.activeElement===s&&(d.top.location.href=t.value))}},d.addEventListener(\"message\",d.wp.receiveEmbedMessage,!1),l.addEventListener(\"DOMContentLoaded\",function(){for(var e,t,s=l.querySelectorAll(\"iframe.wp-embedded-content\"),r=0;r<s.length;r++)(t=(e=s[r]).getAttribute(\"data-secret\"))||(t=Math.random().toString(36).substring(2,12),e.src+=\"#?secret=\"+t,e.setAttribute(\"data-secret\",t)),e.contentWindow.postMessage({message:\"ready\",secret:t},\"*\")},!1)))}(window,document);\n\/\/# sourceURL=https:\/\/www.anovapeneira.gal\/wp-includes\/js\/wp-embed.min.js\n\/* ]]> *\/\n<\/script>\n","thumbnail_url":"https:\/\/www.anovapeneira.gal\/wp-content\/uploads\/2024\/08\/gustavo_bng_mos.jpg","thumbnail_width":720,"thumbnail_height":432,"description":"A asociaci\u00f3n de ideas e un mecanismo da nosa psique que nos leva a conectar diferentes eidos de pensamento impulsados polo noso subconsciente. E o devandito mecanismo fai que cada vez que escribo sobre a pol\u00edtica local no concello de Mos me entren ga\u00f1as de falar de filosof\u00eda. Os lectores e lectoras de Mos m\u00e1is fieis, que honran a ANP coa s\u00faa compa\u00f1\u00eda, seguro que comprenden as raz\u00f3ns desta repentina paix\u00f3n filos\u00f3fica. Pero non, hoxe non vou mencionar nada que te\u00f1a que ver co neoplatonismo, desta volta quixera referirme \u00e1 idea do eterno retorno. Esta concepci\u00f3n do paso do tempo foi postulada por vez primeira polos fil\u00f3sofos estoicos, malia que \u00e9 o alem\u00e1n Nietzsche o m\u00e1is co\u00f1ecido defensor da idea do ciclo eterno da vida. En resumo: o Eterno Retorno ven dicir que nada do que ocorre no universo \u00e9 novo, todo xa aconteceu algunha vez nun ciclo de principio e final que se repite eternamente. E si, todo se acabar\u00e1, posiblemente para volverse repetir , pero todo ten unha fin. Incluso o nefasto goberno da alcaldesa Nidia Ar\u00e9valo rematar\u00e1 m\u00e1is cedo que tarde. E cando acabe, cando o pesadelo pol\u00edtico desta p\u00e9sima alcaldesa remate, agardo que quen a substit\u00faa te\u00f1a a valent\u00eda de abrir as fiestras do concello de par en par para que o aire limpo dun goberno xusto, que trate por igual a todas e todos os mosenses poida entrar por fin na casa consistorial. N\u00f3s conversamos con Gustavo Barcia, o voceiro dos nacionalistas."}