{"version":"1.0","provider_name":"","provider_url":"https:\/\/www.anovapeneira.gal","author_name":"Artigos Opini\u00f3n","author_url":"https:\/\/www.anovapeneira.gal\/index.php\/author\/artigosopinion\/","title":"Marinenses, guerra civil e legado memor\u00edstico -","type":"rich","width":600,"height":338,"html":"<blockquote class=\"wp-embedded-content\" data-secret=\"Enn3xQCFwy\"><a href=\"https:\/\/www.anovapeneira.gal\/index.php\/2024\/12\/23\/marinenses-guerra-civil-e-legado-memoristico\/\">Marinenses, guerra civil e legado memor\u00edstico<\/a><\/blockquote><iframe sandbox=\"allow-scripts\" security=\"restricted\" src=\"https:\/\/www.anovapeneira.gal\/index.php\/2024\/12\/23\/marinenses-guerra-civil-e-legado-memoristico\/embed\/#?secret=Enn3xQCFwy\" width=\"600\" height=\"338\" title=\"&#8220;Marinenses, guerra civil e legado memor\u00edstico&#8221; &#8212; \" data-secret=\"Enn3xQCFwy\" frameborder=\"0\" marginwidth=\"0\" marginheight=\"0\" scrolling=\"no\" class=\"wp-embedded-content\"><\/iframe><script type=\"text\/javascript\">\n\/* <![CDATA[ *\/\n\/*! This file is auto-generated *\/\n!function(d,l){\"use strict\";l.querySelector&&d.addEventListener&&\"undefined\"!=typeof URL&&(d.wp=d.wp||{},d.wp.receiveEmbedMessage||(d.wp.receiveEmbedMessage=function(e){var t=e.data;if((t||t.secret||t.message||t.value)&&!\/[^a-zA-Z0-9]\/.test(t.secret)){for(var s,r,n,a=l.querySelectorAll('iframe[data-secret=\"'+t.secret+'\"]'),o=l.querySelectorAll('blockquote[data-secret=\"'+t.secret+'\"]'),c=new RegExp(\"^https?:$\",\"i\"),i=0;i<o.length;i++)o[i].style.display=\"none\";for(i=0;i<a.length;i++)s=a[i],e.source===s.contentWindow&&(s.removeAttribute(\"style\"),\"height\"===t.message?(1e3<(r=parseInt(t.value,10))?r=1e3:~~r<200&&(r=200),s.height=r):\"link\"===t.message&&(r=new URL(s.getAttribute(\"src\")),n=new URL(t.value),c.test(n.protocol))&&n.host===r.host&&l.activeElement===s&&(d.top.location.href=t.value))}},d.addEventListener(\"message\",d.wp.receiveEmbedMessage,!1),l.addEventListener(\"DOMContentLoaded\",function(){for(var e,t,s=l.querySelectorAll(\"iframe.wp-embedded-content\"),r=0;r<s.length;r++)(t=(e=s[r]).getAttribute(\"data-secret\"))||(t=Math.random().toString(36).substring(2,12),e.src+=\"#?secret=\"+t,e.setAttribute(\"data-secret\",t)),e.contentWindow.postMessage({message:\"ready\",secret:t},\"*\")},!1)))}(window,document);\n\/\/# sourceURL=https:\/\/www.anovapeneira.gal\/wp-includes\/js\/wp-embed.min.js\n\/* ]]> *\/\n<\/script>\n","thumbnail_url":"https:\/\/www.anovapeneira.gal\/wp-content\/uploads\/2024\/12\/Jesus_Carballo_Quiroga.jpg","thumbnail_width":720,"thumbnail_height":432,"description":"Na historia m\u00e1is dram\u00e1tica do s\u00e9culo XX, o golpe de estado e posterior represi\u00f3n acontecida na Galiza, as\u00ed como a guerra civil desenvolvida no Estado Espa\u00f1ol no per\u00edodo 1936-1939 provocou un cambio nas vidas das persoas que viviron naqueles intres. Algunhas delas deix\u00e1ronos testemu\u00f1os escritos do acontecido nas s\u00faas vidas, das cales unha parte por diferentes motivos non foron publicadas"}