{"version":"1.0","provider_name":"","provider_url":"https:\/\/www.anovapeneira.gal","author_name":"Ant\u00f3n Lorenzo Gonz\u00e1lez","author_url":"https:\/\/www.anovapeneira.gal\/index.php\/author\/xaque\/","title":"COUSAS DE SALVATERRA. Forte de S. Lu\u00eds Gonzaga -","type":"rich","width":600,"height":338,"html":"<blockquote class=\"wp-embedded-content\" data-secret=\"Fw9e1Q1l8z\"><a href=\"https:\/\/www.anovapeneira.gal\/index.php\/2025\/08\/22\/cousas-de-salvaterra-forte-de-s-luis-gonzaga\/\">COUSAS DE SALVATERRA. Forte de S. Lu\u00eds Gonzaga<\/a><\/blockquote><iframe sandbox=\"allow-scripts\" security=\"restricted\" src=\"https:\/\/www.anovapeneira.gal\/index.php\/2025\/08\/22\/cousas-de-salvaterra-forte-de-s-luis-gonzaga\/embed\/#?secret=Fw9e1Q1l8z\" width=\"600\" height=\"338\" title=\"&#8220;COUSAS DE SALVATERRA. Forte de S. Lu\u00eds Gonzaga&#8221; &#8212; \" data-secret=\"Fw9e1Q1l8z\" frameborder=\"0\" marginwidth=\"0\" marginheight=\"0\" scrolling=\"no\" class=\"wp-embedded-content\"><\/iframe><script type=\"text\/javascript\">\n\/* <![CDATA[ *\/\n\/*! This file is auto-generated *\/\n!function(d,l){\"use strict\";l.querySelector&&d.addEventListener&&\"undefined\"!=typeof URL&&(d.wp=d.wp||{},d.wp.receiveEmbedMessage||(d.wp.receiveEmbedMessage=function(e){var t=e.data;if((t||t.secret||t.message||t.value)&&!\/[^a-zA-Z0-9]\/.test(t.secret)){for(var s,r,n,a=l.querySelectorAll('iframe[data-secret=\"'+t.secret+'\"]'),o=l.querySelectorAll('blockquote[data-secret=\"'+t.secret+'\"]'),c=new RegExp(\"^https?:$\",\"i\"),i=0;i<o.length;i++)o[i].style.display=\"none\";for(i=0;i<a.length;i++)s=a[i],e.source===s.contentWindow&&(s.removeAttribute(\"style\"),\"height\"===t.message?(1e3<(r=parseInt(t.value,10))?r=1e3:~~r<200&&(r=200),s.height=r):\"link\"===t.message&&(r=new URL(s.getAttribute(\"src\")),n=new URL(t.value),c.test(n.protocol))&&n.host===r.host&&l.activeElement===s&&(d.top.location.href=t.value))}},d.addEventListener(\"message\",d.wp.receiveEmbedMessage,!1),l.addEventListener(\"DOMContentLoaded\",function(){for(var e,t,s=l.querySelectorAll(\"iframe.wp-embedded-content\"),r=0;r<s.length;r++)(t=(e=s[r]).getAttribute(\"data-secret\"))||(t=Math.random().toString(36).substring(2,12),e.src+=\"#?secret=\"+t,e.setAttribute(\"data-secret\",t)),e.contentWindow.postMessage({message:\"ready\",secret:t},\"*\")},!1)))}(window,document);\n\/\/# sourceURL=https:\/\/www.anovapeneira.gal\/wp-includes\/js\/wp-embed.min.js\n\/* ]]> *\/\n<\/script>\n","thumbnail_url":"https:\/\/www.anovapeneira.gal\/wp-content\/uploads\/2025\/08\/fortaleza_salvaterra.jpg","thumbnail_width":1024,"thumbnail_height":598,"description":"Andaban nestas discusi\u00f3ns, de si atacar ou non o ex\u00e9rcito do rei espa\u00f1ol, dic\u00edan uns que sen dilaci\u00f3n algunha se atacase, porque tra\u00eda tan pouca fronte na estreiteza do cami\u00f1o por onde marchaba, que logo que fose atacado, ser\u00eda infaliblemente desbaratado, que non solo este motivo ped\u00eda esta decisi\u00f3n, sen\u00f3n tam\u00e9n o feito de encami\u00f1\u00e1rense os inimigos deica Vila Nova de Cerveira,"}